{"id":731,"date":"2025-12-14T22:17:19","date_gmt":"2025-12-14T22:17:19","guid":{"rendered":"https:\/\/hall-und-echo.eu\/?page_id=731"},"modified":"2026-04-23T23:00:56","modified_gmt":"2026-04-23T23:00:56","slug":"artists","status":"publish","type":"page","link":"https:\/\/hall-und-echo.eu\/?page_id=731","title":{"rendered":"Artists"},"content":{"rendered":"\n<p><a href=\"https:\/\/andregeorgemusic.de\" data-type=\"link\" data-id=\"https:\/\/andregeorgemusic.de\" target=\"_blank\" rel=\"noreferrer noopener\">ANDR\u00c9 GEORGE<\/a><\/p>\n\n\n\n<div class=\"wp-block-media-text is-stacked-on-mobile\" style=\"grid-template-columns:60% auto\"><figure class=\"wp-block-media-text__media\"><img loading=\"lazy\" decoding=\"async\" width=\"1024\" height=\"683\" src=\"https:\/\/hall-und-echo.eu\/wp-content\/uploads\/2025\/12\/Cover_AndreGeorge_IchKannEsSehen-1-e1765708393960-1024x683.jpg\" alt=\"\" class=\"wp-image-774 size-full\" srcset=\"https:\/\/hall-und-echo.eu\/wp-content\/uploads\/2025\/12\/Cover_AndreGeorge_IchKannEsSehen-1-e1765708393960-1024x683.jpg 1024w, https:\/\/hall-und-echo.eu\/wp-content\/uploads\/2025\/12\/Cover_AndreGeorge_IchKannEsSehen-1-e1765708393960-300x200.jpg 300w, https:\/\/hall-und-echo.eu\/wp-content\/uploads\/2025\/12\/Cover_AndreGeorge_IchKannEsSehen-1-e1765708393960-768x512.jpg 768w, https:\/\/hall-und-echo.eu\/wp-content\/uploads\/2025\/12\/Cover_AndreGeorge_IchKannEsSehen-1-e1765708393960.jpg 1470w\" sizes=\"auto, (max-width: 767px) 89vw, (max-width: 1000px) 54vw, (max-width: 1071px) 543px, 580px\" \/><\/figure><div class=\"wp-block-media-text__content\">\n<p>Andr\u00e9 George bringt tanzbaren und authentischen Roots-Reggae mit einer feinen Singer\/Songwriter-Popnote auf die B\u00fchne. Sommersounds, die auch die k\u00e4lteren Momente erw\u00e4rmen.<\/p>\n<\/div><\/div>\n\n\n\n<p><a href=\"https:\/\/andregeorgemusic.de\"><\/a><a href=\"https:\/\/dinoparis666.bandcamp.com\" data-type=\"link\" data-id=\"https:\/\/andregeorgemusic.de\" target=\"_blank\" rel=\"noreferrer noopener\">DINO PARIS &amp; DER CHOR DER FINSTERNIS<\/a><\/p>\n\n\n\n<div class=\"wp-block-media-text is-stacked-on-mobile\" style=\"grid-template-columns:62% auto\"><figure class=\"wp-block-media-text__media\"><img loading=\"lazy\" decoding=\"async\" width=\"1024\" height=\"683\" src=\"https:\/\/hall-und-echo.eu\/wp-content\/uploads\/2025\/12\/Dino-Promo-3-\u00a9-Kristina-Tschesch-2022-1-1024x683.jpg\" alt=\"\" class=\"wp-image-773 size-full\"\/><\/figure><div class=\"wp-block-media-text__content\">\n<p>Irgendwo zwischen Ironie und Sarkasmus, Sozialkritik und Schadenfreude spielt Dino Paris verquere Musik im Spannungsfeld von Pop, elektronischem Gefrickel und vertr\u00e4umtem Folk.<\/p>\n<\/div><\/div>\n\n\n\n<p><a href=\"https:\/\/hathors.info\" data-type=\"link\" data-id=\"https:\/\/hathors.info\" target=\"_blank\" rel=\"noreferrer noopener\">HATHORS<\/a><\/p>\n\n\n\n<div class=\"wp-block-media-text is-stacked-on-mobile\" style=\"grid-template-columns:61% auto\"><figure class=\"wp-block-media-text__media\"><img loading=\"lazy\" decoding=\"async\" width=\"1024\" height=\"683\" src=\"https:\/\/hall-und-echo.eu\/wp-content\/uploads\/2025\/12\/Q8A2690_PHATHORS-050724_Steve-Gullick-1024x683.jpg\" alt=\"\" class=\"wp-image-778 size-full\"\/><\/figure><div class=\"wp-block-media-text__content\">\n<p>Der unverkennbare  Hathors Sound aus Noise Rock, Punk und Grunge, ruppig und mit einen zuckers\u00fc\u00dfen Hauch von Pop, verpackt in neonfarbigen Pl\u00fcsch &#8211; mit Schleife!<\/p>\n<\/div><\/div>\n\n\n\n<p><a href=\"https:\/\/huaico.bandcamp.com\/track\/in-between-3\" data-type=\"link\" data-id=\"https:\/\/huaico.bandcamp.com\/track\/in-between-3\" target=\"_blank\" rel=\"noreferrer noopener\">HUAICO<\/a><\/p>\n\n\n\n<div class=\"wp-block-media-text is-stacked-on-mobile\" style=\"grid-template-columns:61% auto\"><figure class=\"wp-block-media-text__media\"><img loading=\"lazy\" decoding=\"async\" width=\"1024\" height=\"783\" src=\"https:\/\/hall-und-echo.eu\/wp-content\/uploads\/2026\/04\/Huaico_Band-1024x783.jpg\" alt=\"\" class=\"wp-image-887 size-full\" srcset=\"https:\/\/hall-und-echo.eu\/wp-content\/uploads\/2026\/04\/Huaico_Band-1024x783.jpg 1024w, https:\/\/hall-und-echo.eu\/wp-content\/uploads\/2026\/04\/Huaico_Band-300x229.jpg 300w, https:\/\/hall-und-echo.eu\/wp-content\/uploads\/2026\/04\/Huaico_Band-768x587.jpg 768w, https:\/\/hall-und-echo.eu\/wp-content\/uploads\/2026\/04\/Huaico_Band.jpg 1200w\" sizes=\"auto, (max-width: 767px) 89vw, (max-width: 1000px) 54vw, (max-width: 1071px) 543px, 580px\" \/><\/figure><div class=\"wp-block-media-text__content\">\n<p>Songs zwischen Intimit\u00e4t und Weite &#8211; Vier Musiker, jahrzehntelange Musikerfahrung \u2013\u00a0Huaico\u00a0starten nicht bei null, sondern gleich auf Album-Niveau. Ihre erste EP? Vier Tracks zwischen Wilco, Low und Radiohead.<\/p>\n<\/div><\/div>\n\n\n\n<p><br><a href=\"https:\/\/leding.bandcamp.com\" data-type=\"link\" data-id=\"https:\/\/leding.bandcamp.com\" target=\"_blank\" rel=\"noreferrer noopener\"> IAN LEDING<\/a><\/p>\n\n\n\n<div class=\"wp-block-media-text is-stacked-on-mobile\" style=\"grid-template-columns:61% auto\"><figure class=\"wp-block-media-text__media\"><img loading=\"lazy\" decoding=\"async\" width=\"1024\" height=\"709\" src=\"https:\/\/hall-und-echo.eu\/wp-content\/uploads\/2025\/12\/IanLedingPromobild-scaled-e1765709740255-1024x709.jpg\" alt=\"\" class=\"wp-image-781 size-full\" srcset=\"https:\/\/hall-und-echo.eu\/wp-content\/uploads\/2025\/12\/IanLedingPromobild-scaled-e1765709740255-1024x709.jpg 1024w, https:\/\/hall-und-echo.eu\/wp-content\/uploads\/2025\/12\/IanLedingPromobild-scaled-e1765709740255-300x208.jpg 300w, https:\/\/hall-und-echo.eu\/wp-content\/uploads\/2025\/12\/IanLedingPromobild-scaled-e1765709740255-768x532.jpg 768w, https:\/\/hall-und-echo.eu\/wp-content\/uploads\/2025\/12\/IanLedingPromobild-scaled-e1765709740255-1536x1064.jpg 1536w, https:\/\/hall-und-echo.eu\/wp-content\/uploads\/2025\/12\/IanLedingPromobild-scaled-e1765709740255.jpg 1706w\" sizes=\"auto, (max-width: 767px) 89vw, (max-width: 1000px) 54vw, (max-width: 1071px) 543px, 580px\" \/><\/figure><div class=\"wp-block-media-text__content\">\n<p>Folk Noir Songs, welche melancholisch-tr\u00e4umerische Bilder von dunklen Meeren und Seen, fernen Orten und einsamen, nebligen W\u00e4ldern heraufbeschw\u00f6ren.<\/p>\n<\/div><\/div>\n\n\n\n<p><br> <a href=\"https:\/\/jetaime-music.com\" data-type=\"link\" data-id=\"https:\/\/jetaime-music.com\" target=\"_blank\" rel=\"noreferrer noopener\">JE T&#8217;AIME<\/a><\/p>\n\n\n\n<div class=\"wp-block-media-text is-stacked-on-mobile\" style=\"grid-template-columns:61% auto\"><figure class=\"wp-block-media-text__media\"><img loading=\"lazy\" decoding=\"async\" width=\"1024\" height=\"800\" src=\"https:\/\/hall-und-echo.eu\/wp-content\/uploads\/2025\/12\/JETAIME-1024x800.jpg\" alt=\"\" class=\"wp-image-786 size-full\"\/><\/figure><div class=\"wp-block-media-text__content\">\n<p>Das Trio aus Paris spielt einen Mix aus Post-Punk, Cold und New Wave. Die vielf\u00e4ltigen<br>Einfl\u00fcsse aus den Achtzigern werden gekonnt und modern in die heutige Zeit transformiert.<\/p>\n<\/div><\/div>\n\n\n\n<p><a href=\"https:\/\/www.nightnail.com\" target=\"_blank\" rel=\"noreferrer noopener\">NIGHT NAIL<\/a><\/p>\n\n\n\n<div class=\"wp-block-media-text is-stacked-on-mobile\" style=\"grid-template-columns:62% auto\"><figure class=\"wp-block-media-text__media\"><img loading=\"lazy\" decoding=\"async\" width=\"1024\" height=\"682\" src=\"https:\/\/hall-und-echo.eu\/wp-content\/uploads\/2025\/12\/Night-Nail-Press-Pic-High-res-Vert-scaled-e1765741463607-1024x682.jpg\" alt=\"\" class=\"wp-image-790 size-full\" srcset=\"https:\/\/hall-und-echo.eu\/wp-content\/uploads\/2025\/12\/Night-Nail-Press-Pic-High-res-Vert-scaled-e1765741463607-1024x682.jpg 1024w, https:\/\/hall-und-echo.eu\/wp-content\/uploads\/2025\/12\/Night-Nail-Press-Pic-High-res-Vert-scaled-e1765741463607-300x200.jpg 300w, https:\/\/hall-und-echo.eu\/wp-content\/uploads\/2025\/12\/Night-Nail-Press-Pic-High-res-Vert-scaled-e1765741463607-768x512.jpg 768w, https:\/\/hall-und-echo.eu\/wp-content\/uploads\/2025\/12\/Night-Nail-Press-Pic-High-res-Vert-scaled-e1765741463607-1536x1023.jpg 1536w, https:\/\/hall-und-echo.eu\/wp-content\/uploads\/2025\/12\/Night-Nail-Press-Pic-High-res-Vert-scaled-e1765741463607-2048x1364.jpg 2048w\" sizes=\"auto, (max-width: 767px) 89vw, (max-width: 1000px) 54vw, (max-width: 1071px) 543px, 580px\" \/><\/figure><div class=\"wp-block-media-text__content\">\n<p>Berlin\u2019s darkwave Band um den amerikanischen Songwriter Brandon<br>Robert, wurde urspr\u00fcnglich 2013 in Los Angeles, CA. gegr\u00fcndet. <\/p>\n<\/div><\/div>\n\n\n\n<p><a href=\"https:\/\/www.pulse-park.com\" data-type=\"link\" data-id=\"https:\/\/www.pulse-park.com\" target=\"_blank\" rel=\"noreferrer noopener\">PULSE PARK<\/a><\/p>\n\n\n\n<div class=\"wp-block-media-text is-stacked-on-mobile\" style=\"grid-template-columns:61% auto\"><figure class=\"wp-block-media-text__media\"><img loading=\"lazy\" decoding=\"async\" width=\"1024\" height=\"682\" src=\"https:\/\/hall-und-echo.eu\/wp-content\/uploads\/2025\/12\/Pulse-Park_First-Second_RZ-e1765742089189-1024x682.jpg\" alt=\"\" class=\"wp-image-792 size-full\" srcset=\"https:\/\/hall-und-echo.eu\/wp-content\/uploads\/2025\/12\/Pulse-Park_First-Second_RZ-e1765742089189-1024x682.jpg 1024w, https:\/\/hall-und-echo.eu\/wp-content\/uploads\/2025\/12\/Pulse-Park_First-Second_RZ-e1765742089189-300x200.jpg 300w, https:\/\/hall-und-echo.eu\/wp-content\/uploads\/2025\/12\/Pulse-Park_First-Second_RZ-e1765742089189-768x512.jpg 768w, https:\/\/hall-und-echo.eu\/wp-content\/uploads\/2025\/12\/Pulse-Park_First-Second_RZ-e1765742089189-1536x1024.jpg 1536w, https:\/\/hall-und-echo.eu\/wp-content\/uploads\/2025\/12\/Pulse-Park_First-Second_RZ-e1765742089189.jpg 2000w\" sizes=\"auto, (max-width: 767px) 89vw, (max-width: 1000px) 54vw, (max-width: 1071px) 543px, 580px\" \/><\/figure><div class=\"wp-block-media-text__content\">\n<p>Die Songs  sind eine spannende Melange aus straighten Alternative Rock mit dreamy Shoegaze und Postpunk. Ihr aktuelles Album wurde mit Kurt Ebelh\u00e4user (Blackmail, Pascow, The Donots\u2026) im Tonstudio 45 aufgenommen und produziert.<\/p>\n<\/div><\/div>\n\n\n\n<p><a href=\"https:\/\/riahknight.bandcamp.com\/album\/wicked-laughter\" data-type=\"link\" data-id=\"https:\/\/riahknight.bandcamp.com\/album\/wicked-laughter\" target=\"_blank\" rel=\"noreferrer noopener\">RIAH KNIGHT &amp; SHABAN<\/a><\/p>\n\n\n\n<div class=\"wp-block-media-text is-stacked-on-mobile\" style=\"grid-template-columns:61% auto\"><figure class=\"wp-block-media-text__media\"><img loading=\"lazy\" decoding=\"async\" width=\"1024\" height=\"683\" src=\"https:\/\/hall-und-echo.eu\/wp-content\/uploads\/2025\/12\/Wicked-Laughter-Cover-e1765742375144-1024x683.jpg\" alt=\"\" class=\"wp-image-794 size-full\" srcset=\"https:\/\/hall-und-echo.eu\/wp-content\/uploads\/2025\/12\/Wicked-Laughter-Cover-e1765742375144-1024x683.jpg 1024w, https:\/\/hall-und-echo.eu\/wp-content\/uploads\/2025\/12\/Wicked-Laughter-Cover-e1765742375144-300x200.jpg 300w, https:\/\/hall-und-echo.eu\/wp-content\/uploads\/2025\/12\/Wicked-Laughter-Cover-e1765742375144-768x512.jpg 768w, https:\/\/hall-und-echo.eu\/wp-content\/uploads\/2025\/12\/Wicked-Laughter-Cover-e1765742375144.jpg 1500w\" sizes=\"auto, (max-width: 767px) 89vw, (max-width: 1000px) 54vw, (max-width: 1071px) 543px, 580px\" \/><\/figure><div class=\"wp-block-media-text__content\">\n<p>Samtiger Sound, der Post-R&amp;B, New-Wave-Folk und Performance-Poesie miteinander verbindet. Zusammen mit dem Produzenten Shaban wabert ihr temperamentvoller Sound durch eine Landschaft von starken femininen Archetypen und Symbolen der nat\u00fcrlichen Welt.<\/p>\n<\/div><\/div>\n\n\n\n<p><a href=\"https:\/\/saigonbluerain.bandcamp.com\" data-type=\"link\" data-id=\"https:\/\/saigonbluerain.bandcamp.com\" target=\"_blank\" rel=\"noreferrer noopener\"> SAIGON BLUE RAIN<\/a><\/p>\n\n\n\n<div class=\"wp-block-media-text is-stacked-on-mobile\" style=\"grid-template-columns:61% auto\"><figure class=\"wp-block-media-text__media\"><img loading=\"lazy\" decoding=\"async\" width=\"1024\" height=\"643\" src=\"https:\/\/hall-und-echo.eu\/wp-content\/uploads\/2025\/12\/SBR-OKO-Promo-Band-e1765744554344-1024x643.jpg\" alt=\"\" class=\"wp-image-795 size-full\" srcset=\"https:\/\/hall-und-echo.eu\/wp-content\/uploads\/2025\/12\/SBR-OKO-Promo-Band-e1765744554344-1024x643.jpg 1024w, https:\/\/hall-und-echo.eu\/wp-content\/uploads\/2025\/12\/SBR-OKO-Promo-Band-e1765744554344-300x188.jpg 300w, https:\/\/hall-und-echo.eu\/wp-content\/uploads\/2025\/12\/SBR-OKO-Promo-Band-e1765744554344-768x482.jpg 768w, https:\/\/hall-und-echo.eu\/wp-content\/uploads\/2025\/12\/SBR-OKO-Promo-Band-e1765744554344-1536x964.jpg 1536w, https:\/\/hall-und-echo.eu\/wp-content\/uploads\/2025\/12\/SBR-OKO-Promo-Band-e1765744554344.jpg 1963w\" sizes=\"auto, (max-width: 767px) 89vw, (max-width: 1000px) 54vw, (max-width: 1071px) 543px, 580px\" \/><\/figure><div class=\"wp-block-media-text__content\">\n<p>Das Pariser Songwriter Duo Oph\u00e9lia Lecomte und Frank Pelliccioli schreiben Songs im Stil  klassischer 80er Cold Wave gepr\u00e4gten Club Sounds mit einem modernen Mix aus Ethereal Wave, Dream Pop und Shoegaze.<\/p>\n<\/div><\/div>\n\n\n\n<p><a href=\"https:\/\/suir.bandcamp.com\/music\" data-type=\"link\" data-id=\"https:\/\/suir.bandcamp.com\/music\" target=\"_blank\" rel=\"noreferrer noopener\">SUIR<\/a><\/p>\n\n\n\n<div class=\"wp-block-media-text is-stacked-on-mobile\" style=\"grid-template-columns:61% auto\"><figure class=\"wp-block-media-text__media\"><img loading=\"lazy\" decoding=\"async\" width=\"1024\" height=\"683\" src=\"https:\/\/hall-und-echo.eu\/wp-content\/uploads\/2025\/12\/SUIR_press_photo_by_Caroline_Bonarde-scaled-e1765744955954-1024x683.jpg\" alt=\"\" class=\"wp-image-797 size-full\" srcset=\"https:\/\/hall-und-echo.eu\/wp-content\/uploads\/2025\/12\/SUIR_press_photo_by_Caroline_Bonarde-scaled-e1765744955954-1024x683.jpg 1024w, https:\/\/hall-und-echo.eu\/wp-content\/uploads\/2025\/12\/SUIR_press_photo_by_Caroline_Bonarde-scaled-e1765744955954-300x200.jpg 300w, https:\/\/hall-und-echo.eu\/wp-content\/uploads\/2025\/12\/SUIR_press_photo_by_Caroline_Bonarde-scaled-e1765744955954-768x512.jpg 768w, https:\/\/hall-und-echo.eu\/wp-content\/uploads\/2025\/12\/SUIR_press_photo_by_Caroline_Bonarde-scaled-e1765744955954-1536x1024.jpg 1536w, https:\/\/hall-und-echo.eu\/wp-content\/uploads\/2025\/12\/SUIR_press_photo_by_Caroline_Bonarde-scaled-e1765744955954-2048x1366.jpg 2048w\" sizes=\"auto, (max-width: 767px) 89vw, (max-width: 1000px) 54vw, (max-width: 1071px) 543px, 580px\" \/><\/figure><div class=\"wp-block-media-text__content\">\n<p>Das K\u00f6lner Duo um Denis Wanic (Gitarre \/ Gesang) und Lucia Seiss (Synths \/ Gitarre<br>\/ Bass)  haben ihren eigenen cineastischen Kosmos aus atmosph\u00e4rischen und<br>komplexen Wall of Sounds kreiert.<\/p>\n\n\n\n<p><\/p>\n<\/div><\/div>\n\n\n\n<p> <a href=\"https:\/\/www.thesecluded.de\" data-type=\"link\" data-id=\"https:\/\/www.thesecluded.de\" target=\"_blank\" rel=\"noreferrer noopener\">THE SECLUDED<\/a><\/p>\n\n\n\n<div class=\"wp-block-media-text is-stacked-on-mobile\" style=\"grid-template-columns:61% auto\"><figure class=\"wp-block-media-text__media\"><img loading=\"lazy\" decoding=\"async\" width=\"1024\" height=\"576\" src=\"https:\/\/hall-und-echo.eu\/wp-content\/uploads\/2025\/04\/THE-SECLUDED-bandfoto-sporty-1024x576.jpg\" alt=\"\" class=\"wp-image-666 size-full\" srcset=\"https:\/\/hall-und-echo.eu\/wp-content\/uploads\/2025\/04\/THE-SECLUDED-bandfoto-sporty-1024x576.jpg 1024w, https:\/\/hall-und-echo.eu\/wp-content\/uploads\/2025\/04\/THE-SECLUDED-bandfoto-sporty-300x169.jpg 300w, https:\/\/hall-und-echo.eu\/wp-content\/uploads\/2025\/04\/THE-SECLUDED-bandfoto-sporty-768x432.jpg 768w, https:\/\/hall-und-echo.eu\/wp-content\/uploads\/2025\/04\/THE-SECLUDED-bandfoto-sporty-1536x864.jpg 1536w, https:\/\/hall-und-echo.eu\/wp-content\/uploads\/2025\/04\/THE-SECLUDED-bandfoto-sporty-2048x1152.jpg 2048w\" sizes=\"auto, (max-width: 767px) 89vw, (max-width: 1000px) 54vw, (max-width: 1071px) 543px, 580px\" \/><\/figure><div class=\"wp-block-media-text__content\">\n<p>Klanglandschaften zwischen Intuition und Pr\u00e4zision. Die Songs der Frankfurter Alternative-Rock Band auf dem aktuellen Album &#8222;DREAMSCAPE&#8220;  wurden von Kurt Ebelh\u00e4user (Blackmail, Donots, Van Holzen, Guano Apes) produziert<\/p>\n<\/div><\/div>\n\n\n\n<p> <a href=\"https:\/\/thecalmgrey.bandcamp.com\" data-type=\"link\" data-id=\"https:\/\/thecalmgrey.bandcamp.com\" target=\"_blank\" rel=\"noreferrer noopener\">THE CALM GREY<\/a><\/p>\n\n\n\n<div class=\"wp-block-media-text is-stacked-on-mobile\" style=\"grid-template-columns:62% auto\"><figure class=\"wp-block-media-text__media\"><img loading=\"lazy\" decoding=\"async\" width=\"1024\" height=\"683\" src=\"https:\/\/hall-und-echo.eu\/wp-content\/uploads\/2025\/12\/HH_Nina2024-2-1024x683.jpg\" alt=\"\" class=\"wp-image-799 size-full\"\/><\/figure><div class=\"wp-block-media-text__content\">\n<p>Ein Album voller \u00dcberraschungen, eine Wundert\u00fcte im feinsten Post-Punk No Wave Gewand, treibende New Wave Beats f\u00fcr den Club. Kongenial produziert und gemastert von Per-Anders Kurenbach.<\/p>\n<\/div><\/div>\n\n\n\n<p><a href=\"http:\/\/unterschafen.de\/de\/discography\/the-damned-dont-cry-doing-making-saying-things\/\" data-type=\"link\" data-id=\"http:\/\/unterschafen.de\/de\/discography\/the-damned-dont-cry-doing-making-saying-things\/\" target=\"_blank\" rel=\"noreferrer noopener\">THE DAMNED DON&#8217;T CRY<\/a><\/p>\n\n\n\n<div class=\"wp-block-media-text is-stacked-on-mobile\" style=\"grid-template-columns:62% auto\"><figure class=\"wp-block-media-text__media\"><img loading=\"lazy\" decoding=\"async\" width=\"1024\" height=\"683\" src=\"https:\/\/hall-und-echo.eu\/wp-content\/uploads\/2025\/12\/thedamneddontcry_WEB-4-scaled-e1765748152751-1024x683.jpg\" alt=\"\" class=\"wp-image-803 size-full\" srcset=\"https:\/\/hall-und-echo.eu\/wp-content\/uploads\/2025\/12\/thedamneddontcry_WEB-4-scaled-e1765748152751-1024x683.jpg 1024w, https:\/\/hall-und-echo.eu\/wp-content\/uploads\/2025\/12\/thedamneddontcry_WEB-4-scaled-e1765748152751-300x200.jpg 300w, https:\/\/hall-und-echo.eu\/wp-content\/uploads\/2025\/12\/thedamneddontcry_WEB-4-scaled-e1765748152751-768x512.jpg 768w, https:\/\/hall-und-echo.eu\/wp-content\/uploads\/2025\/12\/thedamneddontcry_WEB-4-scaled-e1765748152751-1536x1024.jpg 1536w, https:\/\/hall-und-echo.eu\/wp-content\/uploads\/2025\/12\/thedamneddontcry_WEB-4-scaled-e1765748152751-2048x1366.jpg 2048w\" sizes=\"auto, (max-width: 767px) 89vw, (max-width: 1000px) 54vw, (max-width: 1071px) 543px, 580px\" \/><\/figure><div class=\"wp-block-media-text__content\">\n<p>Die klug komponierten, niemals einem Schema F folgenden und dennoch absolut eing\u00e4ngigen Songs auf \u201eScaryland\u201c  sind stilistisch offene Grenz\u00fcberschreiten zwischen Pop, L\u00e4rm und unverhohlener Sch\u00f6nheit<\/p>\n<\/div><\/div>\n\n\n\n<p><a href=\"https:\/\/twintooth.bandcamp.com\" data-type=\"link\" data-id=\"https:\/\/twintooth.bandcamp.com\" target=\"_blank\" rel=\"noreferrer noopener\">TWIN TOOTH<\/a><\/p>\n\n\n\n<div class=\"wp-block-media-text is-stacked-on-mobile\" style=\"grid-template-columns:61% auto\"><figure class=\"wp-block-media-text__media\"><img loading=\"lazy\" decoding=\"async\" width=\"1024\" height=\"683\" src=\"https:\/\/hall-und-echo.eu\/wp-content\/uploads\/2021\/11\/TWINTOOTH_085_c_hannafasching-2-scaled-e1765746516908-1024x683.jpg\" alt=\"\" class=\"wp-image-283 size-full\" srcset=\"https:\/\/hall-und-echo.eu\/wp-content\/uploads\/2021\/11\/TWINTOOTH_085_c_hannafasching-2-scaled-e1765746516908-1024x683.jpg 1024w, https:\/\/hall-und-echo.eu\/wp-content\/uploads\/2021\/11\/TWINTOOTH_085_c_hannafasching-2-scaled-e1765746516908-300x200.jpg 300w, https:\/\/hall-und-echo.eu\/wp-content\/uploads\/2021\/11\/TWINTOOTH_085_c_hannafasching-2-scaled-e1765746516908-768x512.jpg 768w, https:\/\/hall-und-echo.eu\/wp-content\/uploads\/2021\/11\/TWINTOOTH_085_c_hannafasching-2-scaled-e1765746516908-1536x1024.jpg 1536w, https:\/\/hall-und-echo.eu\/wp-content\/uploads\/2021\/11\/TWINTOOTH_085_c_hannafasching-2-scaled-e1765746516908-2048x1366.jpg 2048w\" sizes=\"auto, (max-width: 767px) 89vw, (max-width: 1000px) 54vw, (max-width: 1071px) 543px, 580px\" \/><\/figure><div class=\"wp-block-media-text__content\">\n<p>TWIN TOOTH, ein neues Projekt von der Multimedia K\u00fcnstlerin Anna Kohlweis (Paper Bird und Squalloscope) und Jan Preissler (V\u00f6gel Die Erde Essen \/ Waelder)<\/p>\n<\/div><\/div>\n\n\n\n<p><a href=\"https:\/\/www.unzucht-music.com\" data-type=\"link\" data-id=\"https:\/\/www.unzucht-music.com\" target=\"_blank\" rel=\"noreferrer noopener\">UNZUCHT<\/a><\/p>\n\n\n\n<div class=\"wp-block-media-text is-stacked-on-mobile\" style=\"grid-template-columns:62% auto\"><figure class=\"wp-block-media-text__media\"><img loading=\"lazy\" decoding=\"async\" width=\"1024\" height=\"683\" src=\"https:\/\/hall-und-echo.eu\/wp-content\/uploads\/2025\/12\/NeonDom_Presale-e1765746978439-1024x683.jpg\" alt=\"\" class=\"wp-image-800 size-full\" srcset=\"https:\/\/hall-und-echo.eu\/wp-content\/uploads\/2025\/12\/NeonDom_Presale-e1765746978439-1024x683.jpg 1024w, https:\/\/hall-und-echo.eu\/wp-content\/uploads\/2025\/12\/NeonDom_Presale-e1765746978439-300x200.jpg 300w, https:\/\/hall-und-echo.eu\/wp-content\/uploads\/2025\/12\/NeonDom_Presale-e1765746978439-768x512.jpg 768w, https:\/\/hall-und-echo.eu\/wp-content\/uploads\/2025\/12\/NeonDom_Presale-e1765746978439.jpg 1080w\" sizes=\"auto, (max-width: 767px) 89vw, (max-width: 1000px) 54vw, (max-width: 1071px) 543px, 580px\" \/><\/figure><div class=\"wp-block-media-text__content\">\n<p>In \u00fcber zehn Jahren Bandgeschichte sind Unzucht zu einer der bekanntesten und beliebtesten Dark Rock Bands des Landes gereift. Scharfe Metalriffs und fett ballernde Drumbeats treffen auf dunkel-melodi\u00f6se Gesangslinien<\/p>\n<\/div><\/div>\n\n\n\n<p><a href=\"https:\/\/www.vvandthevoid.com\" data-type=\"link\" data-id=\"https:\/\/www.vvandthevoid.com\" target=\"_blank\" rel=\"noreferrer noopener\">VV &amp; THE VOID<\/a><\/p>\n\n\n\n<div class=\"wp-block-media-text is-stacked-on-mobile\" style=\"grid-template-columns:61% auto\"><figure class=\"wp-block-media-text__media\"><img loading=\"lazy\" decoding=\"async\" width=\"1024\" height=\"682\" src=\"https:\/\/hall-und-echo.eu\/wp-content\/uploads\/2025\/12\/VV23-Nora-Below1-mod-e1765747644965-1024x682.jpg\" alt=\"\" class=\"wp-image-802 size-full\" srcset=\"https:\/\/hall-und-echo.eu\/wp-content\/uploads\/2025\/12\/VV23-Nora-Below1-mod-e1765747644965-1024x682.jpg 1024w, https:\/\/hall-und-echo.eu\/wp-content\/uploads\/2025\/12\/VV23-Nora-Below1-mod-e1765747644965-300x200.jpg 300w, https:\/\/hall-und-echo.eu\/wp-content\/uploads\/2025\/12\/VV23-Nora-Below1-mod-e1765747644965-768x512.jpg 768w, https:\/\/hall-und-echo.eu\/wp-content\/uploads\/2025\/12\/VV23-Nora-Below1-mod-e1765747644965-1536x1023.jpg 1536w, https:\/\/hall-und-echo.eu\/wp-content\/uploads\/2025\/12\/VV23-Nora-Below1-mod-e1765747644965-2048x1364.jpg 2048w\" sizes=\"auto, (max-width: 767px) 89vw, (max-width: 1000px) 54vw, (max-width: 1071px) 543px, 580px\" \/><\/figure><div class=\"wp-block-media-text__content\">\n<p>Valentina Veil gr\u00fcndete VV &amp; The Void in Melbourne, Australien und erregte mit ihrem sph\u00e4rischen Dreampop \/ Wavesongs schnell Aufmerksamkeit in der internationalen Underground-Musikszene.<\/p>\n\n\n\n<p><\/p>\n<\/div><\/div>\n\n\n\n<p><strong>THEATER \/ B\u00dcHNENMUSIK<\/strong><\/p>\n\n\n\n<p><a href=\"https:\/\/www.theater-basel.ch\/de\/ensemble-team\/christopheruhe\" target=\"_blank\" rel=\"noreferrer noopener\">CHRISTOPHER UHE<\/a><br><a href=\"https:\/\/www.muenchner-volkstheater.de\/menschen\/musik-video\/hannes-gwisdek\" data-type=\"link\" data-id=\"https:\/\/www.muenchner-volkstheater.de\/menschen\/musik-video\/hannes-gwisdek\" target=\"_blank\" rel=\"noreferrer noopener\">HANNES GWISDEK<\/a><br><\/p>\n\n\n\n<p><strong>KATALOG<\/strong><\/p>\n\n\n\n<p> <a href=\"https:\/\/rosi-music.bandcamp.com\" data-type=\"link\" data-id=\"https:\/\/rosi-music.bandcamp.com\" target=\"_blank\" rel=\"noreferrer noopener\">ROSI<\/a><\/p>\n\n\n\n<div class=\"wp-block-media-text is-stacked-on-mobile\" style=\"grid-template-columns:61% auto\"><figure class=\"wp-block-media-text__media\"><img loading=\"lazy\" decoding=\"async\" width=\"1024\" height=\"683\" src=\"https:\/\/hall-und-echo.eu\/wp-content\/uploads\/2025\/12\/ROSI_sad_dance_band-5-scaled-e1765749108536-1024x683.jpeg\" alt=\"\" class=\"wp-image-806 size-full\" srcset=\"https:\/\/hall-und-echo.eu\/wp-content\/uploads\/2025\/12\/ROSI_sad_dance_band-5-scaled-e1765749108536-1024x683.jpeg 1024w, https:\/\/hall-und-echo.eu\/wp-content\/uploads\/2025\/12\/ROSI_sad_dance_band-5-scaled-e1765749108536-300x200.jpeg 300w, https:\/\/hall-und-echo.eu\/wp-content\/uploads\/2025\/12\/ROSI_sad_dance_band-5-scaled-e1765749108536-768x512.jpeg 768w, https:\/\/hall-und-echo.eu\/wp-content\/uploads\/2025\/12\/ROSI_sad_dance_band-5-scaled-e1765749108536-1536x1024.jpeg 1536w, https:\/\/hall-und-echo.eu\/wp-content\/uploads\/2025\/12\/ROSI_sad_dance_band-5-scaled-e1765749108536-2048x1366.jpeg 2048w\" sizes=\"auto, (max-width: 767px) 89vw, (max-width: 1000px) 54vw, (max-width: 1071px) 543px, 580px\" \/><\/figure><div class=\"wp-block-media-text__content\">\n<p>Mirco Rappsilber und Sven Rosenk\u00f6tter ver\u00f6ffentlichen \u201eSad Dance Songs\u201c mit Ohrwurmcharakter. Hall + Echo verlegen den <a href=\"https:\/\/www.discogs.com\/de\/artist\/85923-Rosi\" data-type=\"link\" data-id=\"https:\/\/www.discogs.com\/de\/artist\/85923-Rosi\" target=\"_blank\" rel=\"noreferrer noopener\">Rosi Katalog<\/a><\/p>\n\n\n\n<p><\/p>\n<\/div><\/div>\n\n\n\n<p><br> <a href=\"https:\/\/www.the-bates.de\" data-type=\"link\" data-id=\"https:\/\/www.the-bates.de\" target=\"_blank\" rel=\"noreferrer noopener\">THE BATES<\/a><\/p>\n\n\n\n<div class=\"wp-block-media-text is-stacked-on-mobile\" style=\"grid-template-columns:62% auto\"><figure class=\"wp-block-media-text__media\"><img loading=\"lazy\" decoding=\"async\" width=\"1024\" height=\"683\" src=\"https:\/\/hall-und-echo.eu\/wp-content\/uploads\/2021\/02\/club-e1765749529303-1024x683.jpg\" alt=\"\" class=\"wp-image-106 size-full\" srcset=\"https:\/\/hall-und-echo.eu\/wp-content\/uploads\/2021\/02\/club-e1765749529303-1024x683.jpg 1024w, https:\/\/hall-und-echo.eu\/wp-content\/uploads\/2021\/02\/club-e1765749529303-300x200.jpg 300w, https:\/\/hall-und-echo.eu\/wp-content\/uploads\/2021\/02\/club-e1765749529303-768x512.jpg 768w, https:\/\/hall-und-echo.eu\/wp-content\/uploads\/2021\/02\/club-e1765749529303.jpg 1110w\" sizes=\"auto, (max-width: 767px) 89vw, (max-width: 1000px) 54vw, (max-width: 1071px) 543px, 580px\" \/><\/figure><div class=\"wp-block-media-text__content\">\n<p>Hall + Echo verlegen das erste Studioalbum <a href=\"https:\/\/www.discogs.com\/de\/master\/151240-The-Bates-No-Name-For-The-Baby\" data-type=\"link\" data-id=\"https:\/\/www.discogs.com\/de\/master\/151240-The-Bates-No-Name-For-The-Baby\" target=\"_blank\" rel=\"noreferrer noopener\">\u201eNo Name For The Baby\u201c<\/a> (V\u00d6 1989 via Black Fantasy Records)<\/p>\n<\/div><\/div>\n\n\n\n<p><br> <a href=\"https:\/\/pastelcoloureddays.bandcamp.com\" data-type=\"link\" data-id=\"https:\/\/www.the-bates.de\" target=\"_blank\" rel=\"noreferrer noopener\">PASTEL COLOURED DAYS<\/a><\/p>\n\n\n\n<div class=\"wp-block-media-text is-stacked-on-mobile\" style=\"grid-template-columns:63% auto\"><figure class=\"wp-block-media-text__media\"><a href=\"https:\/\/pastelcoloureddays.bandcamp.com\" target=\"_blank\" rel=\" noreferrer noopener\"><img loading=\"lazy\" decoding=\"async\" width=\"770\" height=\"515\" src=\"https:\/\/hall-und-echo.eu\/wp-content\/uploads\/2026\/01\/thumb_IMG_5216_1024-2.jpg\" alt=\"\" class=\"wp-image-839 size-full\" srcset=\"https:\/\/hall-und-echo.eu\/wp-content\/uploads\/2026\/01\/thumb_IMG_5216_1024-2.jpg 770w, https:\/\/hall-und-echo.eu\/wp-content\/uploads\/2026\/01\/thumb_IMG_5216_1024-2-300x201.jpg 300w, https:\/\/hall-und-echo.eu\/wp-content\/uploads\/2026\/01\/thumb_IMG_5216_1024-2-768x514.jpg 768w\" sizes=\"auto, (max-width: 767px) 89vw, (max-width: 1000px) 54vw, (max-width: 1071px) 543px, 580px\" \/><\/a><\/figure><div class=\"wp-block-media-text__content\">\n<p>Hall + Echo verlegen den Pastel Coloured Days Katalog #melancholischer Gitarren Post Wave aus OWL um den britischen S\u00e4nger Steve Bates<\/p>\n<\/div><\/div>\n\n\n\n<p><br> <\/p>\n\n\n\n<p><br> <\/p>\n","protected":false},"excerpt":{"rendered":"<p>ANDR\u00c9 GEORGE Andr\u00e9 George bringt tanzbaren und authentischen Roots-Reggae mit einer feinen Singer\/Songwriter-Popnote auf die B\u00fchne. Sommersounds, die auch die k\u00e4lteren Momente erw\u00e4rmen. DINO PARIS &amp; DER CHOR DER FINSTERNIS Irgendwo zwischen Ironie und Sarkasmus, Sozialkritik und Schadenfreude spielt Dino Paris verquere Musik im Spannungsfeld von Pop, elektronischem Gefrickel und vertr\u00e4umtem Folk. HATHORS Der unverkennbare &hellip; <\/p>\n<p class=\"link-more\"><a href=\"https:\/\/hall-und-echo.eu\/?page_id=731\" class=\"more-link\"><span class=\"screen-reader-text\">\u201eArtists\u201c<\/span> weiterlesen<\/a><\/p>\n","protected":false},"author":1,"featured_media":0,"parent":0,"menu_order":0,"comment_status":"closed","ping_status":"closed","template":"","meta":{"footnotes":""},"class_list":["post-731","page","type-page","status-publish","hentry"],"_links":{"self":[{"href":"https:\/\/hall-und-echo.eu\/index.php?rest_route=\/wp\/v2\/pages\/731","targetHints":{"allow":["GET"]}}],"collection":[{"href":"https:\/\/hall-und-echo.eu\/index.php?rest_route=\/wp\/v2\/pages"}],"about":[{"href":"https:\/\/hall-und-echo.eu\/index.php?rest_route=\/wp\/v2\/types\/page"}],"author":[{"embeddable":true,"href":"https:\/\/hall-und-echo.eu\/index.php?rest_route=\/wp\/v2\/users\/1"}],"replies":[{"embeddable":true,"href":"https:\/\/hall-und-echo.eu\/index.php?rest_route=%2Fwp%2Fv2%2Fcomments&post=731"}],"version-history":[{"count":34,"href":"https:\/\/hall-und-echo.eu\/index.php?rest_route=\/wp\/v2\/pages\/731\/revisions"}],"predecessor-version":[{"id":889,"href":"https:\/\/hall-und-echo.eu\/index.php?rest_route=\/wp\/v2\/pages\/731\/revisions\/889"}],"wp:attachment":[{"href":"https:\/\/hall-und-echo.eu\/index.php?rest_route=%2Fwp%2Fv2%2Fmedia&parent=731"}],"curies":[{"name":"wp","href":"https:\/\/api.w.org\/{rel}","templated":true}]}}